{"version":"1.0","provider_name":"Cuisine La P\u00e9r\u00e9grine","provider_url":"https:\/\/www.cuisine-laperegrine.fr\/fr","title":"Retour du march\u00e9 - Cuisine La P\u00e9r\u00e9grine","type":"rich","width":600,"height":338,"html":"<blockquote class=\"wp-embedded-content\" data-secret=\"BgPQPm3ab0\"><a href=\"https:\/\/www.cuisine-laperegrine.fr\/fr\/retour-du-marche\/\">Retour du march\u00e9<\/a><\/blockquote><iframe sandbox=\"allow-scripts\" security=\"restricted\" src=\"https:\/\/www.cuisine-laperegrine.fr\/fr\/retour-du-marche\/embed\/#?secret=BgPQPm3ab0\" width=\"600\" height=\"338\" title=\"\u00ab\u00a0Retour du march\u00e9\u00a0\u00bb &#8212; Cuisine La P\u00e9r\u00e9grine\" data-secret=\"BgPQPm3ab0\" frameborder=\"0\" marginwidth=\"0\" marginheight=\"0\" scrolling=\"no\" class=\"wp-embedded-content\"><\/iframe><script>\n\/*! This file is auto-generated *\/\n!function(d,l){\"use strict\";l.querySelector&&d.addEventListener&&\"undefined\"!=typeof URL&&(d.wp=d.wp||{},d.wp.receiveEmbedMessage||(d.wp.receiveEmbedMessage=function(e){var t=e.data;if((t||t.secret||t.message||t.value)&&!\/[^a-zA-Z0-9]\/.test(t.secret)){for(var s,r,n,a=l.querySelectorAll('iframe[data-secret=\"'+t.secret+'\"]'),o=l.querySelectorAll('blockquote[data-secret=\"'+t.secret+'\"]'),c=new RegExp(\"^https?:$\",\"i\"),i=0;i<o.length;i++)o[i].style.display=\"none\";for(i=0;i<a.length;i++)s=a[i],e.source===s.contentWindow&&(s.removeAttribute(\"style\"),\"height\"===t.message?(1e3<(r=parseInt(t.value,10))?r=1e3:~~r<200&&(r=200),s.height=r):\"link\"===t.message&&(r=new URL(s.getAttribute(\"src\")),n=new URL(t.value),c.test(n.protocol))&&n.host===r.host&&l.activeElement===s&&(d.top.location.href=t.value))}},d.addEventListener(\"message\",d.wp.receiveEmbedMessage,!1),l.addEventListener(\"DOMContentLoaded\",function(){for(var e,t,s=l.querySelectorAll(\"iframe.wp-embedded-content\"),r=0;r<s.length;r++)(t=(e=s[r]).getAttribute(\"data-secret\"))||(t=Math.random().toString(36).substring(2,12),e.src+=\"#?secret=\"+t,e.setAttribute(\"data-secret\",t)),e.contentWindow.postMessage({message:\"ready\",secret:t},\"*\")},!1)))}(window,document);\n\/\/# sourceURL=https:\/\/www.cuisine-laperegrine.fr\/wp-includes\/js\/wp-embed.min.js\n<\/script>\n","description":"Vous venez, je vous emm\u00e8ne au march\u00e9 ! Les march\u00e9s sont remplis de couleurs et de saveurs. Chaque \u00e9tal est un m\u00e9lange d&rsquo;odeurs et de gourmandises. Ici les fruits et les l\u00e9gumes du maraicher, l\u00e0 les fromages de vache, de ch\u00e8vre et de brebis, plus loin les pains de toutes formes remplis de graines et...","thumbnail_url":"https:\/\/www.cuisine-laperegrine.fr\/wp-content\/uploads\/2024\/10\/dejeuner-insolite.jpg","thumbnail_width":554,"thumbnail_height":739}